{"id":709,"date":"2023-07-18T08:40:23","date_gmt":"2023-07-18T08:40:23","guid":{"rendered":"http:\/\/www.kathrinbertschy.ch\/?page_id=709"},"modified":"2024-04-19T09:43:33","modified_gmt":"2024-04-19T09:43:33","slug":"kolumnen","status":"publish","type":"page","link":"https:\/\/www.kathrinbertschy.ch\/?page_id=709","title":{"rendered":"Kolumnen"},"content":{"rendered":"\n<div class=\"wp-block-query is-layout-flow\"><ul class=\"wp-block-post-template is-layout-flow\"><li class=\"wp-block-post post-846 post type-post status-publish format-standard has-post-thumbnail hentry category-bertschys-blitzpost tag-altersvorsorge tag-gleichstellung\">\n\n<div class=\"wp-block-columns alignwide is-layout-flex wp-container-3\">\n<div class=\"wp-block-column is-layout-flow\" style=\"flex-basis:66.66%\"><figure class=\"wp-block-post-featured-image\"><a href=\"https:\/\/www.kathrinbertschy.ch\/?p=846\" target=\"_self\"  ><img width=\"2560\" height=\"1708\" src=\"https:\/\/www.kathrinbertschy.ch\/wordpress\/wp-content\/uploads\/2024\/05\/alexander-dummer-UH-xs-FizTk-unsplash-scaled.jpg\" class=\"attachment-post-thumbnail size-post-thumbnail wp-post-image\" alt=\"Endlich eine Rentenreform f\u00fcr die Frauen\" decoding=\"async\" loading=\"lazy\" srcset=\"https:\/\/www.kathrinbertschy.ch\/wordpress\/wp-content\/uploads\/2024\/05\/alexander-dummer-UH-xs-FizTk-unsplash-scaled.jpg 2560w, https:\/\/www.kathrinbertschy.ch\/wordpress\/wp-content\/uploads\/2024\/05\/alexander-dummer-UH-xs-FizTk-unsplash-300x200.jpg 300w, https:\/\/www.kathrinbertschy.ch\/wordpress\/wp-content\/uploads\/2024\/05\/alexander-dummer-UH-xs-FizTk-unsplash-1024x683.jpg 1024w, https:\/\/www.kathrinbertschy.ch\/wordpress\/wp-content\/uploads\/2024\/05\/alexander-dummer-UH-xs-FizTk-unsplash-768x513.jpg 768w, https:\/\/www.kathrinbertschy.ch\/wordpress\/wp-content\/uploads\/2024\/05\/alexander-dummer-UH-xs-FizTk-unsplash-1536x1025.jpg 1536w, https:\/\/www.kathrinbertschy.ch\/wordpress\/wp-content\/uploads\/2024\/05\/alexander-dummer-UH-xs-FizTk-unsplash-2048x1367.jpg 2048w\" sizes=\"(max-width: 2560px) 100vw, 2560px\" \/><\/a><\/figure><\/div>\n\n\n\n<div class=\"wp-block-column is-layout-flow\" style=\"flex-basis:33.33%\"><h2 class=\"wp-block-post-title\"><a href=\"https:\/\/www.kathrinbertschy.ch\/?p=846\" target=\"_self\" >Endlich eine Rentenreform f\u00fcr die Frauen<\/a><\/h2>\n\n<div class=\"wp-block-post-excerpt\"><p class=\"wp-block-post-excerpt__excerpt\">Liebe Rosmarie Zapfl Der Bundesrat hat letzte Woche die Volksabstimmung zur Reform der beruflichen Vorsorge (BVG) f\u00fcr September angesetzt. Ich musste an dich denken. Schon 1997 hast du als CVP-Nationalr\u00e4tin &#8230; <\/p><\/div><\/div>\n<\/div>\n\n<\/li><li class=\"wp-block-post post-837 post type-post status-publish format-standard has-post-thumbnail hentry category-bertschys-blitzpost tag-bundesverwaltung\">\n\n<div class=\"wp-block-columns alignwide is-layout-flex wp-container-6\">\n<div class=\"wp-block-column is-layout-flow\" style=\"flex-basis:66.66%\"><figure class=\"wp-block-post-featured-image\"><a href=\"https:\/\/www.kathrinbertschy.ch\/?p=837\" target=\"_self\"  ><img width=\"2560\" height=\"1709\" src=\"https:\/\/www.kathrinbertschy.ch\/wordpress\/wp-content\/uploads\/2024\/04\/andreas-fischinger-HtZhLfUHSAc-unsplash-scaled.jpg\" class=\"attachment-post-thumbnail size-post-thumbnail wp-post-image\" alt=\"Die m\u00e4chtigste Lobby der Schweiz\" decoding=\"async\" loading=\"lazy\" srcset=\"https:\/\/www.kathrinbertschy.ch\/wordpress\/wp-content\/uploads\/2024\/04\/andreas-fischinger-HtZhLfUHSAc-unsplash-scaled.jpg 2560w, https:\/\/www.kathrinbertschy.ch\/wordpress\/wp-content\/uploads\/2024\/04\/andreas-fischinger-HtZhLfUHSAc-unsplash-300x200.jpg 300w, https:\/\/www.kathrinbertschy.ch\/wordpress\/wp-content\/uploads\/2024\/04\/andreas-fischinger-HtZhLfUHSAc-unsplash-1024x684.jpg 1024w, https:\/\/www.kathrinbertschy.ch\/wordpress\/wp-content\/uploads\/2024\/04\/andreas-fischinger-HtZhLfUHSAc-unsplash-768x513.jpg 768w, https:\/\/www.kathrinbertschy.ch\/wordpress\/wp-content\/uploads\/2024\/04\/andreas-fischinger-HtZhLfUHSAc-unsplash-1536x1025.jpg 1536w, https:\/\/www.kathrinbertschy.ch\/wordpress\/wp-content\/uploads\/2024\/04\/andreas-fischinger-HtZhLfUHSAc-unsplash-2048x1367.jpg 2048w\" sizes=\"(max-width: 2560px) 100vw, 2560px\" \/><\/a><\/figure><\/div>\n\n\n\n<div class=\"wp-block-column is-layout-flow\" style=\"flex-basis:33.33%\"><h2 class=\"wp-block-post-title\"><a href=\"https:\/\/www.kathrinbertschy.ch\/?p=837\" target=\"_self\" >Die m\u00e4chtigste Lobby der Schweiz<\/a><\/h2>\n\n<div class=\"wp-block-post-excerpt\"><p class=\"wp-block-post-excerpt__excerpt\">Lieber Nationalratspr\u00e4sident Eric Nussbaumer, Sie sind im Moment offiziell der h\u00f6chste Schweizer. Denn Sie sind Pr\u00e4sident der Vereinigten Bundesversammlung: der obersten Gewalt im Bund. Schliesslich ruht in der besten Demokratie &#8230; <\/p><\/div><\/div>\n<\/div>\n\n<\/li><li class=\"wp-block-post post-830 post type-post status-publish format-standard has-post-thumbnail hentry category-bertschys-blitzpost tag-familie-beruf tag-vereinbarkeit\">\n\n<div class=\"wp-block-columns alignwide is-layout-flex wp-container-9\">\n<div class=\"wp-block-column is-layout-flow\" style=\"flex-basis:66.66%\"><figure class=\"wp-block-post-featured-image\"><a href=\"https:\/\/www.kathrinbertschy.ch\/?p=830\" target=\"_self\"  ><img width=\"2560\" height=\"1707\" src=\"https:\/\/www.kathrinbertschy.ch\/wordpress\/wp-content\/uploads\/2024\/03\/recha-oktaviani-h2aDKwigQeA-unsplash-scaled.jpg\" class=\"attachment-post-thumbnail size-post-thumbnail wp-post-image\" alt=\"Warum z\u00e4hlt die OECD mehr als junge Familien?\" decoding=\"async\" loading=\"lazy\" srcset=\"https:\/\/www.kathrinbertschy.ch\/wordpress\/wp-content\/uploads\/2024\/03\/recha-oktaviani-h2aDKwigQeA-unsplash-scaled.jpg 2560w, https:\/\/www.kathrinbertschy.ch\/wordpress\/wp-content\/uploads\/2024\/03\/recha-oktaviani-h2aDKwigQeA-unsplash-300x200.jpg 300w, https:\/\/www.kathrinbertschy.ch\/wordpress\/wp-content\/uploads\/2024\/03\/recha-oktaviani-h2aDKwigQeA-unsplash-1024x683.jpg 1024w, https:\/\/www.kathrinbertschy.ch\/wordpress\/wp-content\/uploads\/2024\/03\/recha-oktaviani-h2aDKwigQeA-unsplash-768x512.jpg 768w, https:\/\/www.kathrinbertschy.ch\/wordpress\/wp-content\/uploads\/2024\/03\/recha-oktaviani-h2aDKwigQeA-unsplash-1536x1024.jpg 1536w, https:\/\/www.kathrinbertschy.ch\/wordpress\/wp-content\/uploads\/2024\/03\/recha-oktaviani-h2aDKwigQeA-unsplash-2048x1365.jpg 2048w\" sizes=\"(max-width: 2560px) 100vw, 2560px\" \/><\/a><\/figure><\/div>\n\n\n\n<div class=\"wp-block-column is-layout-flow\" style=\"flex-basis:33.33%\"><h2 class=\"wp-block-post-title\"><a href=\"https:\/\/www.kathrinbertschy.ch\/?p=830\" target=\"_self\" >Warum z\u00e4hlt die OECD mehr als junge Familien?<\/a><\/h2>\n\n<div class=\"wp-block-post-excerpt\"><p class=\"wp-block-post-excerpt__excerpt\">Sehr geehrte kantonale Finanzdirektorinnen und Finanzdirektoren, Finanzministerin Karin Keller-Sutter hat vor drei Wochen ihren Vorschlag f\u00fcr das Bundesgesetz zur Individualbesteuerung vorgestellt. Der Bundesr\u00e4tin und ihrem Team ist es gelungen, ein &#8230; <\/p><\/div><\/div>\n<\/div>\n\n<\/li><li class=\"wp-block-post post-825 post type-post status-publish format-standard has-post-thumbnail hentry category-bertschys-blitzpost tag-altersvorsorge\">\n\n<div class=\"wp-block-columns alignwide is-layout-flex wp-container-12\">\n<div class=\"wp-block-column is-layout-flow\" style=\"flex-basis:66.66%\"><figure class=\"wp-block-post-featured-image\"><a href=\"https:\/\/www.kathrinbertschy.ch\/?p=825\" target=\"_self\"  ><img width=\"2560\" height=\"1708\" src=\"https:\/\/www.kathrinbertschy.ch\/wordpress\/wp-content\/uploads\/2024\/02\/claudio-schwarz-K0oN3uwvuEw-unsplash-scaled.jpg\" class=\"attachment-post-thumbnail size-post-thumbnail wp-post-image\" alt=\"13. AHV-Rente: Wer den Preis zahlen sollte\" decoding=\"async\" loading=\"lazy\" srcset=\"https:\/\/www.kathrinbertschy.ch\/wordpress\/wp-content\/uploads\/2024\/02\/claudio-schwarz-K0oN3uwvuEw-unsplash-scaled.jpg 2560w, https:\/\/www.kathrinbertschy.ch\/wordpress\/wp-content\/uploads\/2024\/02\/claudio-schwarz-K0oN3uwvuEw-unsplash-300x200.jpg 300w, https:\/\/www.kathrinbertschy.ch\/wordpress\/wp-content\/uploads\/2024\/02\/claudio-schwarz-K0oN3uwvuEw-unsplash-1024x683.jpg 1024w, https:\/\/www.kathrinbertschy.ch\/wordpress\/wp-content\/uploads\/2024\/02\/claudio-schwarz-K0oN3uwvuEw-unsplash-768x512.jpg 768w, https:\/\/www.kathrinbertschy.ch\/wordpress\/wp-content\/uploads\/2024\/02\/claudio-schwarz-K0oN3uwvuEw-unsplash-1536x1025.jpg 1536w, https:\/\/www.kathrinbertschy.ch\/wordpress\/wp-content\/uploads\/2024\/02\/claudio-schwarz-K0oN3uwvuEw-unsplash-2048x1366.jpg 2048w\" sizes=\"(max-width: 2560px) 100vw, 2560px\" \/><\/a><\/figure><\/div>\n\n\n\n<div class=\"wp-block-column is-layout-flow\" style=\"flex-basis:33.33%\"><h2 class=\"wp-block-post-title\"><a href=\"https:\/\/www.kathrinbertschy.ch\/?p=825\" target=\"_self\" >13. AHV-Rente: Wer den Preis zahlen sollte<\/a><\/h2>\n\n<div class=\"wp-block-post-excerpt\"><p class=\"wp-block-post-excerpt__excerpt\">Liebe Frau Bundesr\u00e4tin Baume-Schneider \u00abDer Preis der AHV-Initiative ist hoch. Jemand wird das bezahlen m\u00fcssen\u00bb,&nbsp;darauf wiesen Sie k\u00fcrzlich&nbsp;im Zusammenhang mit der Debatte zur 13. AHV-Rente hin. Sie sprechen damit einen &#8230; <\/p><\/div><\/div>\n<\/div>\n\n<\/li><li class=\"wp-block-post post-814 post type-post status-publish format-standard has-post-thumbnail hentry category-bertschys-blitzpost tag-altersvorsorge tag-migration tag-vereinbarkeit\">\n\n<div class=\"wp-block-columns alignwide is-layout-flex wp-container-15\">\n<div class=\"wp-block-column is-layout-flow\" style=\"flex-basis:66.66%\"><figure class=\"wp-block-post-featured-image\"><a href=\"https:\/\/www.kathrinbertschy.ch\/?p=814\" target=\"_self\"  ><img width=\"2560\" height=\"1707\" src=\"https:\/\/www.kathrinbertschy.ch\/wordpress\/wp-content\/uploads\/2023\/11\/ansgar-scheffold-0eEbHHyMFIY-unsplash-scaled.jpg\" class=\"attachment-post-thumbnail size-post-thumbnail wp-post-image\" alt=\"Wir kommen um schwierige Entscheide nicht herum\" decoding=\"async\" loading=\"lazy\" srcset=\"https:\/\/www.kathrinbertschy.ch\/wordpress\/wp-content\/uploads\/2023\/11\/ansgar-scheffold-0eEbHHyMFIY-unsplash-scaled.jpg 2560w, https:\/\/www.kathrinbertschy.ch\/wordpress\/wp-content\/uploads\/2023\/11\/ansgar-scheffold-0eEbHHyMFIY-unsplash-300x200.jpg 300w, https:\/\/www.kathrinbertschy.ch\/wordpress\/wp-content\/uploads\/2023\/11\/ansgar-scheffold-0eEbHHyMFIY-unsplash-1024x683.jpg 1024w, https:\/\/www.kathrinbertschy.ch\/wordpress\/wp-content\/uploads\/2023\/11\/ansgar-scheffold-0eEbHHyMFIY-unsplash-768x512.jpg 768w, https:\/\/www.kathrinbertschy.ch\/wordpress\/wp-content\/uploads\/2023\/11\/ansgar-scheffold-0eEbHHyMFIY-unsplash-1536x1024.jpg 1536w, https:\/\/www.kathrinbertschy.ch\/wordpress\/wp-content\/uploads\/2023\/11\/ansgar-scheffold-0eEbHHyMFIY-unsplash-2048x1365.jpg 2048w\" sizes=\"(max-width: 2560px) 100vw, 2560px\" \/><\/a><\/figure><\/div>\n\n\n\n<div class=\"wp-block-column is-layout-flow\" style=\"flex-basis:33.33%\"><h2 class=\"wp-block-post-title\"><a href=\"https:\/\/www.kathrinbertschy.ch\/?p=814\" target=\"_self\" >Wir kommen um schwierige Entscheide nicht herum<\/a><\/h2>\n\n<div class=\"wp-block-post-excerpt\"><p class=\"wp-block-post-excerpt__excerpt\">Wenn die Politik den B\u00fcrgerinnen und B\u00fcrgern verspricht, dass sie alles haben k\u00f6nnen, sollten wir wachsam bleiben. Schutz vor Reformen, vor Migration, vor jedweder Ver\u00e4nderung \u2013 das kann nicht aufgehen. &#8230; <\/p><\/div><\/div>\n<\/div>\n\n<\/li><li class=\"wp-block-post post-788 post type-post status-publish format-standard has-post-thumbnail hentry category-bertschys-blitzpost tag-gesundheitspolitik\">\n\n<div class=\"wp-block-columns alignwide is-layout-flex wp-container-18\">\n<div class=\"wp-block-column is-layout-flow\" style=\"flex-basis:66.66%\"><figure class=\"wp-block-post-featured-image\"><a href=\"https:\/\/www.kathrinbertschy.ch\/?p=788\" target=\"_self\"  ><img width=\"2560\" height=\"1707\" src=\"https:\/\/www.kathrinbertschy.ch\/wordpress\/wp-content\/uploads\/2023\/10\/marcelo-leal-taF3klwwAWA-unsplash-scaled.jpg\" class=\"attachment-post-thumbnail size-post-thumbnail wp-post-image\" alt=\"So k\u00f6nnten wir den Pr\u00e4mienschock behandeln\" decoding=\"async\" loading=\"lazy\" srcset=\"https:\/\/www.kathrinbertschy.ch\/wordpress\/wp-content\/uploads\/2023\/10\/marcelo-leal-taF3klwwAWA-unsplash-scaled.jpg 2560w, https:\/\/www.kathrinbertschy.ch\/wordpress\/wp-content\/uploads\/2023\/10\/marcelo-leal-taF3klwwAWA-unsplash-300x200.jpg 300w, https:\/\/www.kathrinbertschy.ch\/wordpress\/wp-content\/uploads\/2023\/10\/marcelo-leal-taF3klwwAWA-unsplash-1024x683.jpg 1024w, https:\/\/www.kathrinbertschy.ch\/wordpress\/wp-content\/uploads\/2023\/10\/marcelo-leal-taF3klwwAWA-unsplash-768x512.jpg 768w, https:\/\/www.kathrinbertschy.ch\/wordpress\/wp-content\/uploads\/2023\/10\/marcelo-leal-taF3klwwAWA-unsplash-1536x1024.jpg 1536w, https:\/\/www.kathrinbertschy.ch\/wordpress\/wp-content\/uploads\/2023\/10\/marcelo-leal-taF3klwwAWA-unsplash-2048x1365.jpg 2048w\" sizes=\"(max-width: 2560px) 100vw, 2560px\" \/><\/a><\/figure><\/div>\n\n\n\n<div class=\"wp-block-column is-layout-flow\" style=\"flex-basis:33.33%\"><h2 class=\"wp-block-post-title\"><a href=\"https:\/\/www.kathrinbertschy.ch\/?p=788\" target=\"_self\" >So k\u00f6nnten wir den Pr\u00e4mienschock behandeln<\/a><\/h2>\n\n<div class=\"wp-block-post-excerpt\"><p class=\"wp-block-post-excerpt__excerpt\">F\u00fcr tiefere Pr\u00e4mien hilft weder ein M\u00f6chtegernmarkt noch ein staatliches Monopol: Pr\u00e4mienregionen k\u00f6nnten wie \u00d6V-Linien ausgeschrieben und f\u00fcr mehrere Jahre fix an eine Krankenkasse vergeben werden. Liebe Pr\u00e4mienzahlerinnen und Pr\u00e4mienzahler &#8230; <\/p><\/div><\/div>\n<\/div>\n\n<\/li><li class=\"wp-block-post post-779 post type-post status-publish format-standard has-post-thumbnail hentry category-bertschys-blitzpost tag-gleichstellung\">\n\n<div class=\"wp-block-columns alignwide is-layout-flex wp-container-21\">\n<div class=\"wp-block-column is-layout-flow\" style=\"flex-basis:66.66%\"><figure class=\"wp-block-post-featured-image\"><a href=\"https:\/\/www.kathrinbertschy.ch\/?p=779\" target=\"_self\"  ><img width=\"1920\" height=\"1080\" src=\"https:\/\/www.kathrinbertschy.ch\/wordpress\/wp-content\/uploads\/2023\/09\/helvetia-ruft-logo-3.jpg\" class=\"attachment-post-thumbnail size-post-thumbnail wp-post-image\" alt=\"Helvetia ruft \u2013 sorgen wir f\u00fcr Vielfalt!\" decoding=\"async\" loading=\"lazy\" srcset=\"https:\/\/www.kathrinbertschy.ch\/wordpress\/wp-content\/uploads\/2023\/09\/helvetia-ruft-logo-3.jpg 1920w, https:\/\/www.kathrinbertschy.ch\/wordpress\/wp-content\/uploads\/2023\/09\/helvetia-ruft-logo-3-300x169.jpg 300w, https:\/\/www.kathrinbertschy.ch\/wordpress\/wp-content\/uploads\/2023\/09\/helvetia-ruft-logo-3-1024x576.jpg 1024w, https:\/\/www.kathrinbertschy.ch\/wordpress\/wp-content\/uploads\/2023\/09\/helvetia-ruft-logo-3-768x432.jpg 768w, https:\/\/www.kathrinbertschy.ch\/wordpress\/wp-content\/uploads\/2023\/09\/helvetia-ruft-logo-3-1536x864.jpg 1536w\" sizes=\"(max-width: 1920px) 100vw, 1920px\" \/><\/a><\/figure><\/div>\n\n\n\n<div class=\"wp-block-column is-layout-flow\" style=\"flex-basis:33.33%\"><h2 class=\"wp-block-post-title\"><a href=\"https:\/\/www.kathrinbertschy.ch\/?p=779\" target=\"_self\" >Helvetia ruft \u2013 sorgen wir f\u00fcr Vielfalt!<\/a><\/h2>\n\n<div class=\"wp-block-post-excerpt\"><p class=\"wp-block-post-excerpt__excerpt\">In der Schweiz hat die Stimmbev\u00f6lkerung so viel Mitsprache wie nirgendwo sonst. Doch unsere Demokratie ist aber nur so gut, wie sie auch tats\u00e4chlich die Bev\u00f6lkerung repr\u00e4sentiert. Gesch\u00e4tzte B\u00fcrgerinnen und &#8230; <\/p><\/div><\/div>\n<\/div>\n\n<\/li><li class=\"wp-block-post post-751 post type-post status-publish format-standard has-post-thumbnail hentry category-bertschys-blitzpost tag-familie-beruf tag-gleichstellung tag-vereinbarkeit\">\n\n<div class=\"wp-block-columns alignwide is-layout-flex wp-container-24\">\n<div class=\"wp-block-column is-layout-flow\" style=\"flex-basis:66.66%\"><figure class=\"wp-block-post-featured-image\"><a href=\"https:\/\/www.kathrinbertschy.ch\/?p=751\" target=\"_self\"  ><img width=\"2560\" height=\"1812\" src=\"https:\/\/www.kathrinbertschy.ch\/wordpress\/wp-content\/uploads\/2023\/08\/aaron-burden-1zR3WNSTnvY-unsplash-scaled.jpg\" class=\"attachment-post-thumbnail size-post-thumbnail wp-post-image\" alt=\"Liebe Frau Keller-Sutter, lassen Sie uns \u00fcber die Aufgaben des Bundes sprechen\" decoding=\"async\" loading=\"lazy\" srcset=\"https:\/\/www.kathrinbertschy.ch\/wordpress\/wp-content\/uploads\/2023\/08\/aaron-burden-1zR3WNSTnvY-unsplash-scaled.jpg 2560w, https:\/\/www.kathrinbertschy.ch\/wordpress\/wp-content\/uploads\/2023\/08\/aaron-burden-1zR3WNSTnvY-unsplash-300x212.jpg 300w, https:\/\/www.kathrinbertschy.ch\/wordpress\/wp-content\/uploads\/2023\/08\/aaron-burden-1zR3WNSTnvY-unsplash-1024x725.jpg 1024w, https:\/\/www.kathrinbertschy.ch\/wordpress\/wp-content\/uploads\/2023\/08\/aaron-burden-1zR3WNSTnvY-unsplash-768x544.jpg 768w, https:\/\/www.kathrinbertschy.ch\/wordpress\/wp-content\/uploads\/2023\/08\/aaron-burden-1zR3WNSTnvY-unsplash-1536x1087.jpg 1536w, https:\/\/www.kathrinbertschy.ch\/wordpress\/wp-content\/uploads\/2023\/08\/aaron-burden-1zR3WNSTnvY-unsplash-2048x1449.jpg 2048w\" sizes=\"(max-width: 2560px) 100vw, 2560px\" \/><\/a><\/figure><\/div>\n\n\n\n<div class=\"wp-block-column is-layout-flow\" style=\"flex-basis:33.33%\"><h2 class=\"wp-block-post-title\"><a href=\"https:\/\/www.kathrinbertschy.ch\/?p=751\" target=\"_self\" >Liebe Frau Keller-Sutter, lassen Sie uns \u00fcber die Aufgaben des Bundes sprechen<\/a><\/h2>\n\n<div class=\"wp-block-post-excerpt\"><p class=\"wp-block-post-excerpt__excerpt\">\u00abDas ist doch keine Bundesaufgabe!\u00bb So t\u00f6nt es im Bundeshaus aktuell bei der Kinderbetreuung \u2013 einem zentralen Anliegen f\u00fcr viele Mittelstandsfamilien. Es ist h\u00f6chste Zeit, \u00fcber Priorit\u00e4ten zu diskutieren. Liebe &#8230; <\/p><\/div><\/div>\n<\/div>\n\n<\/li><li class=\"wp-block-post post-730 post type-post status-publish format-standard has-post-thumbnail hentry category-bertschys-blitzpost tag-klimapolitik tag-stadtplanung\">\n\n<div class=\"wp-block-columns alignwide is-layout-flex wp-container-27\">\n<div class=\"wp-block-column is-layout-flow\" style=\"flex-basis:66.66%\"><figure class=\"wp-block-post-featured-image\"><a href=\"https:\/\/www.kathrinbertschy.ch\/?p=730\" target=\"_self\"  ><img width=\"2464\" height=\"1482\" src=\"https:\/\/www.kathrinbertschy.ch\/wordpress\/wp-content\/uploads\/2023\/07\/Bildschirmfoto-2023-07-18-um-10.27.48.png\" class=\"attachment-post-thumbnail size-post-thumbnail wp-post-image\" alt=\"Wir m\u00fcssen aufh\u00f6ren, unsere St\u00e4dte zu versiegeln\" decoding=\"async\" loading=\"lazy\" srcset=\"https:\/\/www.kathrinbertschy.ch\/wordpress\/wp-content\/uploads\/2023\/07\/Bildschirmfoto-2023-07-18-um-10.27.48.png 2464w, https:\/\/www.kathrinbertschy.ch\/wordpress\/wp-content\/uploads\/2023\/07\/Bildschirmfoto-2023-07-18-um-10.27.48-300x180.png 300w, https:\/\/www.kathrinbertschy.ch\/wordpress\/wp-content\/uploads\/2023\/07\/Bildschirmfoto-2023-07-18-um-10.27.48-1024x616.png 1024w, https:\/\/www.kathrinbertschy.ch\/wordpress\/wp-content\/uploads\/2023\/07\/Bildschirmfoto-2023-07-18-um-10.27.48-768x462.png 768w, https:\/\/www.kathrinbertschy.ch\/wordpress\/wp-content\/uploads\/2023\/07\/Bildschirmfoto-2023-07-18-um-10.27.48-1536x924.png 1536w, https:\/\/www.kathrinbertschy.ch\/wordpress\/wp-content\/uploads\/2023\/07\/Bildschirmfoto-2023-07-18-um-10.27.48-2048x1232.png 2048w\" sizes=\"(max-width: 2464px) 100vw, 2464px\" \/><\/a><\/figure><\/div>\n\n\n\n<div class=\"wp-block-column is-layout-flow\" style=\"flex-basis:33.33%\"><h2 class=\"wp-block-post-title\"><a href=\"https:\/\/www.kathrinbertschy.ch\/?p=730\" target=\"_self\" >Wir m\u00fcssen aufh\u00f6ren, unsere St\u00e4dte zu versiegeln<\/a><\/h2>\n\n<div class=\"wp-block-post-excerpt\"><p class=\"wp-block-post-excerpt__excerpt\">\u00d6ffentliche Pl\u00e4tze werden zubetoniert und so f\u00fcr Jahrzehnte zu gef\u00e4hrlichen Hitzeinseln. Der urbane Raum muss umgestaltet werden: Athen und Barcelona machen es vor. Lieber Peter Gr\u00fcnenfelder Der Bundesrat hat vorletzte &#8230; <\/p><\/div><\/div>\n<\/div>\n\n<\/li><li class=\"wp-block-post post-726 post type-post status-publish format-standard has-post-thumbnail hentry category-bertschys-blitzpost tag-verkehr\">\n\n<div class=\"wp-block-columns alignwide is-layout-flex wp-container-30\">\n<div class=\"wp-block-column is-layout-flow\" style=\"flex-basis:66.66%\"><figure class=\"wp-block-post-featured-image\"><a href=\"https:\/\/www.kathrinbertschy.ch\/?p=726\" target=\"_self\"  ><img width=\"2560\" height=\"1458\" src=\"https:\/\/www.kathrinbertschy.ch\/wordpress\/wp-content\/uploads\/2023\/07\/iStock-841386132-scaled.jpg\" class=\"attachment-post-thumbnail size-post-thumbnail wp-post-image\" alt=\"Wer Strassen s\u00e4t, wird Verkehr ernten\" decoding=\"async\" loading=\"lazy\" srcset=\"https:\/\/www.kathrinbertschy.ch\/wordpress\/wp-content\/uploads\/2023\/07\/iStock-841386132-scaled.jpg 2560w, https:\/\/www.kathrinbertschy.ch\/wordpress\/wp-content\/uploads\/2023\/07\/iStock-841386132-300x171.jpg 300w, https:\/\/www.kathrinbertschy.ch\/wordpress\/wp-content\/uploads\/2023\/07\/iStock-841386132-1024x583.jpg 1024w, https:\/\/www.kathrinbertschy.ch\/wordpress\/wp-content\/uploads\/2023\/07\/iStock-841386132-768x437.jpg 768w, https:\/\/www.kathrinbertschy.ch\/wordpress\/wp-content\/uploads\/2023\/07\/iStock-841386132-1536x875.jpg 1536w, https:\/\/www.kathrinbertschy.ch\/wordpress\/wp-content\/uploads\/2023\/07\/iStock-841386132-2048x1166.jpg 2048w\" sizes=\"(max-width: 2560px) 100vw, 2560px\" \/><\/a><\/figure><\/div>\n\n\n\n<div class=\"wp-block-column is-layout-flow\" style=\"flex-basis:33.33%\"><h2 class=\"wp-block-post-title\"><a href=\"https:\/\/www.kathrinbertschy.ch\/?p=726\" target=\"_self\" >Wer Strassen s\u00e4t, wird Verkehr ernten<\/a><\/h2>\n\n<div class=\"wp-block-post-excerpt\"><p class=\"wp-block-post-excerpt__excerpt\">Die Bev\u00f6lkerung w\u00e4chst, der Verkehr soll fliessen: Der Bundesrat unterst\u00fctzt einen Spurausbau der Autobahn. Doch das f\u00fchrt oft zu mehr und nicht weniger Stau. Es gibt bessere Alternativen. Lieber Peter &#8230; <\/p><\/div><\/div>\n<\/div>\n\n<\/li><li class=\"wp-block-post post-723 post type-post status-publish format-standard has-post-thumbnail hentry category-bertschys-blitzpost tag-gleichstellung\">\n\n<div class=\"wp-block-columns alignwide is-layout-flex wp-container-33\">\n<div class=\"wp-block-column is-layout-flow\" style=\"flex-basis:66.66%\"><figure class=\"wp-block-post-featured-image\"><a href=\"https:\/\/www.kathrinbertschy.ch\/?p=723\" target=\"_self\"  ><img width=\"2560\" height=\"1707\" src=\"https:\/\/www.kathrinbertschy.ch\/wordpress\/wp-content\/uploads\/2023\/07\/nathan-rogers-I9HyW30buuQ-unsplash-scaled.jpg\" class=\"attachment-post-thumbnail size-post-thumbnail wp-post-image\" alt=\"An der EM 1989 gabs noch ein B\u00fcgelbrett\" decoding=\"async\" loading=\"lazy\" srcset=\"https:\/\/www.kathrinbertschy.ch\/wordpress\/wp-content\/uploads\/2023\/07\/nathan-rogers-I9HyW30buuQ-unsplash-scaled.jpg 2560w, https:\/\/www.kathrinbertschy.ch\/wordpress\/wp-content\/uploads\/2023\/07\/nathan-rogers-I9HyW30buuQ-unsplash-300x200.jpg 300w, https:\/\/www.kathrinbertschy.ch\/wordpress\/wp-content\/uploads\/2023\/07\/nathan-rogers-I9HyW30buuQ-unsplash-1024x683.jpg 1024w, https:\/\/www.kathrinbertschy.ch\/wordpress\/wp-content\/uploads\/2023\/07\/nathan-rogers-I9HyW30buuQ-unsplash-768x512.jpg 768w, https:\/\/www.kathrinbertschy.ch\/wordpress\/wp-content\/uploads\/2023\/07\/nathan-rogers-I9HyW30buuQ-unsplash-1536x1024.jpg 1536w, https:\/\/www.kathrinbertschy.ch\/wordpress\/wp-content\/uploads\/2023\/07\/nathan-rogers-I9HyW30buuQ-unsplash-2048x1365.jpg 2048w\" sizes=\"(max-width: 2560px) 100vw, 2560px\" \/><\/a><\/figure><\/div>\n\n\n\n<div class=\"wp-block-column is-layout-flow\" style=\"flex-basis:33.33%\"><h2 class=\"wp-block-post-title\"><a href=\"https:\/\/www.kathrinbertschy.ch\/?p=723\" target=\"_self\" >An der EM 1989 gabs noch ein B\u00fcgelbrett<\/a><\/h2>\n\n<div class=\"wp-block-post-excerpt\"><p class=\"wp-block-post-excerpt__excerpt\">Grosse Ver\u00e4nderungen haben ihren Ursprung vielfach nicht in einem Gesetz, sondern kommen aus der Gesellschaft selbst. So ist das beispielsweise auch mit der Fussball-EM der Frauen. Liebe Lia W\u00e4lti Die &#8230; <\/p><\/div><\/div>\n<\/div>\n\n<\/li><li class=\"wp-block-post post-720 post type-post status-publish format-standard has-post-thumbnail hentry category-bertschys-blitzpost tag-altersvorsorge\">\n\n<div class=\"wp-block-columns alignwide is-layout-flex wp-container-36\">\n<div class=\"wp-block-column is-layout-flow\" style=\"flex-basis:66.66%\"><figure class=\"wp-block-post-featured-image\"><a href=\"https:\/\/www.kathrinbertschy.ch\/?p=720\" target=\"_self\"  ><img width=\"2560\" height=\"1707\" src=\"https:\/\/www.kathrinbertschy.ch\/wordpress\/wp-content\/uploads\/2023\/07\/matt-bennett-78hTqvjYMS4-unsplash-scaled.jpg\" class=\"attachment-post-thumbnail size-post-thumbnail wp-post-image\" alt=\"Einmal versprochen, nicht mehr wegzukriegen?\" decoding=\"async\" loading=\"lazy\" srcset=\"https:\/\/www.kathrinbertschy.ch\/wordpress\/wp-content\/uploads\/2023\/07\/matt-bennett-78hTqvjYMS4-unsplash-scaled.jpg 2560w, https:\/\/www.kathrinbertschy.ch\/wordpress\/wp-content\/uploads\/2023\/07\/matt-bennett-78hTqvjYMS4-unsplash-300x200.jpg 300w, https:\/\/www.kathrinbertschy.ch\/wordpress\/wp-content\/uploads\/2023\/07\/matt-bennett-78hTqvjYMS4-unsplash-1024x683.jpg 1024w, https:\/\/www.kathrinbertschy.ch\/wordpress\/wp-content\/uploads\/2023\/07\/matt-bennett-78hTqvjYMS4-unsplash-768x512.jpg 768w, https:\/\/www.kathrinbertschy.ch\/wordpress\/wp-content\/uploads\/2023\/07\/matt-bennett-78hTqvjYMS4-unsplash-1536x1024.jpg 1536w, https:\/\/www.kathrinbertschy.ch\/wordpress\/wp-content\/uploads\/2023\/07\/matt-bennett-78hTqvjYMS4-unsplash-2048x1366.jpg 2048w\" sizes=\"(max-width: 2560px) 100vw, 2560px\" \/><\/a><\/figure><\/div>\n\n\n\n<div class=\"wp-block-column is-layout-flow\" style=\"flex-basis:33.33%\"><h2 class=\"wp-block-post-title\"><a href=\"https:\/\/www.kathrinbertschy.ch\/?p=720\" target=\"_self\" >Einmal versprochen, nicht mehr wegzukriegen?<\/a><\/h2>\n\n<div class=\"wp-block-post-excerpt\"><p class=\"wp-block-post-excerpt__excerpt\">Reformen zugunsten demografisch schwacher Gruppen haben es schwer. Selbst wenn sie gerecht w\u00e4ren. Das zeigt sich in Frankreich wie in der Schweiz. Lieber Emmanuel Macron&nbsp; Es mache Ihnen keinen Spass, &#8230; <\/p><\/div><\/div>\n<\/div>\n\n<\/li><\/ul><\/div>\n","protected":false},"excerpt":{"rendered":"","protected":false},"author":1,"featured_media":0,"parent":0,"menu_order":0,"comment_status":"closed","ping_status":"closed","template":"","meta":[],"_links":{"self":[{"href":"https:\/\/www.kathrinbertschy.ch\/index.php?rest_route=\/wp\/v2\/pages\/709"}],"collection":[{"href":"https:\/\/www.kathrinbertschy.ch\/index.php?rest_route=\/wp\/v2\/pages"}],"about":[{"href":"https:\/\/www.kathrinbertschy.ch\/index.php?rest_route=\/wp\/v2\/types\/page"}],"author":[{"embeddable":true,"href":"https:\/\/www.kathrinbertschy.ch\/index.php?rest_route=\/wp\/v2\/users\/1"}],"replies":[{"embeddable":true,"href":"https:\/\/www.kathrinbertschy.ch\/index.php?rest_route=%2Fwp%2Fv2%2Fcomments&post=709"}],"version-history":[{"count":7,"href":"https:\/\/www.kathrinbertschy.ch\/index.php?rest_route=\/wp\/v2\/pages\/709\/revisions"}],"predecessor-version":[{"id":844,"href":"https:\/\/www.kathrinbertschy.ch\/index.php?rest_route=\/wp\/v2\/pages\/709\/revisions\/844"}],"wp:attachment":[{"href":"https:\/\/www.kathrinbertschy.ch\/index.php?rest_route=%2Fwp%2Fv2%2Fmedia&parent=709"}],"curies":[{"name":"wp","href":"https:\/\/api.w.org\/{rel}","templated":true}]}}