{"id":22,"date":"2011-09-03T11:59:54","date_gmt":"2011-09-03T11:59:54","guid":{"rendered":"http:\/\/localhost\/?page_id=22"},"modified":"2024-06-29T12:28:12","modified_gmt":"2024-06-29T12:28:12","slug":"medienberichte","status":"publish","type":"page","link":"https:\/\/www.kathrinbertschy.ch\/?page_id=22","title":{"rendered":"In den Medien"},"content":{"rendered":"\n<div class=\"wp-block-media-text alignwide is-stacked-on-mobile\" style=\"grid-template-columns:27% auto\"><figure class=\"wp-block-media-text__media\"><img decoding=\"async\" loading=\"lazy\" width=\"873\" height=\"582\" src=\"https:\/\/www.kathrinbertschy.ch\/wordpress\/wp-content\/uploads\/2024\/06\/9001474788137215.png\" alt=\"\" class=\"wp-image-858 size-full\" srcset=\"https:\/\/www.kathrinbertschy.ch\/wordpress\/wp-content\/uploads\/2024\/06\/9001474788137215.png 873w, https:\/\/www.kathrinbertschy.ch\/wordpress\/wp-content\/uploads\/2024\/06\/9001474788137215-300x200.png 300w, https:\/\/www.kathrinbertschy.ch\/wordpress\/wp-content\/uploads\/2024\/06\/9001474788137215-768x512.png 768w\" sizes=\"(max-width: 873px) 100vw, 873px\" \/><\/figure><div class=\"wp-block-media-text__content\">\n<h3 class=\"wp-block-heading\"><a href=\"https:\/\/www.watson.ch\/schweiz\/reviews\/324063724-srf-arena-glp-bertschy-heizt-samira-marti-von-der-sp-ein\" target=\"_blank\" rel=\"noreferrer noopener\">GLP-Bertschy gegen SP-Marti in der BVG-\u00abArena\u00bb: \u00abSie wollen einfach eine Volkspension\u00bb<\/a><\/h3>\n\n\n\n<p>Watson, 29.06.2024<\/p>\n<\/div><\/div>\n\n\n\n<div style=\"height:20px\" aria-hidden=\"true\" class=\"wp-block-spacer\"><\/div>\n\n\n\n<div class=\"wp-block-media-text alignwide is-stacked-on-mobile\" style=\"grid-template-columns:27% auto\"><figure class=\"wp-block-media-text__media\"><img decoding=\"async\" loading=\"lazy\" width=\"1024\" height=\"682\" src=\"https:\/\/www.kathrinbertschy.ch\/wordpress\/wp-content\/uploads\/2024\/06\/32f32774-3a37-4b89-9942-580b04ccce3a-1024x682.jpeg\" alt=\"\" class=\"wp-image-853 size-full\" srcset=\"https:\/\/www.kathrinbertschy.ch\/wordpress\/wp-content\/uploads\/2024\/06\/32f32774-3a37-4b89-9942-580b04ccce3a-1024x682.jpeg 1024w, https:\/\/www.kathrinbertschy.ch\/wordpress\/wp-content\/uploads\/2024\/06\/32f32774-3a37-4b89-9942-580b04ccce3a-300x200.jpeg 300w, https:\/\/www.kathrinbertschy.ch\/wordpress\/wp-content\/uploads\/2024\/06\/32f32774-3a37-4b89-9942-580b04ccce3a-768x512.jpeg 768w, https:\/\/www.kathrinbertschy.ch\/wordpress\/wp-content\/uploads\/2024\/06\/32f32774-3a37-4b89-9942-580b04ccce3a.jpeg 1361w\" sizes=\"(max-width: 1024px) 100vw, 1024px\" \/><\/figure><div class=\"wp-block-media-text__content\">\n<h3 class=\"wp-block-heading\"><a href=\"https:\/\/www.aargauerzeitung.ch\/schweiz\/interview-frauenstreit-vor-frauenstreik-die-co-praesidentinnen-von-alliance-f-verteidigen-die-bvg-reform-gegen-die-bschiss-vorwuerfe-von-links-ld.2631411?reduced=true\" target=\"_blank\" rel=\"noreferrer noopener\">Frauenstreit vor Frauenstreik \u2013 die Co-Pr\u00e4sidentinnen von Alliance F verteidigen die Pensionskassenreform gegen die \u00abBschiss\u00bb-Vorw\u00fcrfe von links<\/a><\/h3>\n\n\n\n<p>Aargauer Zeitung, 14.06.2024<\/p>\n<\/div><\/div>\n\n\n\n<div style=\"height:20px\" aria-hidden=\"true\" class=\"wp-block-spacer\"><\/div>\n\n\n\n<div class=\"wp-block-media-text alignwide is-stacked-on-mobile\" style=\"grid-template-columns:27% auto\"><figure class=\"wp-block-media-text__media\"><img decoding=\"async\" loading=\"lazy\" width=\"808\" height=\"480\" src=\"https:\/\/www.kathrinbertschy.ch\/wordpress\/wp-content\/uploads\/2023\/11\/Bildschirmfoto-2023-11-22-um-18.40.37.png\" alt=\"\" class=\"wp-image-819 size-full\" srcset=\"https:\/\/www.kathrinbertschy.ch\/wordpress\/wp-content\/uploads\/2023\/11\/Bildschirmfoto-2023-11-22-um-18.40.37.png 808w, https:\/\/www.kathrinbertschy.ch\/wordpress\/wp-content\/uploads\/2023\/11\/Bildschirmfoto-2023-11-22-um-18.40.37-300x178.png 300w, https:\/\/www.kathrinbertschy.ch\/wordpress\/wp-content\/uploads\/2023\/11\/Bildschirmfoto-2023-11-22-um-18.40.37-768x456.png 768w\" sizes=\"(max-width: 808px) 100vw, 808px\" \/><\/figure><div class=\"wp-block-media-text__content\">\n<h3 class=\"wp-block-heading\"><a href=\"https:\/\/www.annabelle.ch\/leben\/glp-nationalraetin-kathrin-bertschy-frauen-sind-zum-machtfaktor-geworden\/?fbclid=IwAR3vMkjWNDq3W_EqhAJrBZZ7HJ9CngwQdQdap-InsuX1hAr-czjc3fvzGyI\" target=\"_blank\" rel=\"noreferrer noopener\">GLP-Nationalr\u00e4tin Kathrin Bertschy: \u00abFrauen sind zum Machtfaktor geworden\u00bb<\/a><\/h3>\n\n\n\n<p>Annabelle, 21.11.2023<\/p>\n<\/div><\/div>\n\n\n\n<div style=\"height:20px\" aria-hidden=\"true\" class=\"wp-block-spacer\"><\/div>\n\n\n\n<div class=\"wp-block-media-text alignwide is-stacked-on-mobile\" style=\"grid-template-columns:27% auto\"><figure class=\"wp-block-media-text__media\"><img decoding=\"async\" loading=\"lazy\" width=\"960\" height=\"540\" src=\"https:\/\/www.kathrinbertschy.ch\/wordpress\/wp-content\/uploads\/2023\/10\/1ff017.jpg\" alt=\"\" class=\"wp-image-808 size-full\" srcset=\"https:\/\/www.kathrinbertschy.ch\/wordpress\/wp-content\/uploads\/2023\/10\/1ff017.jpg 960w, https:\/\/www.kathrinbertschy.ch\/wordpress\/wp-content\/uploads\/2023\/10\/1ff017-300x169.jpg 300w, https:\/\/www.kathrinbertschy.ch\/wordpress\/wp-content\/uploads\/2023\/10\/1ff017-768x432.jpg 768w\" sizes=\"(max-width: 960px) 100vw, 960px\" \/><\/figure><div class=\"wp-block-media-text__content\">\n<h3 class=\"wp-block-heading\"><a href=\"https:\/\/www.srf.ch\/news\/schweiz\/debatte-im-nationalrat-politik-und-mutterschaftsurlaub-sollen-vereinbar-sein\" target=\"_blank\" rel=\"noreferrer noopener\">Debatte im Nationalrat:&nbsp;Politik und Mutterschaftsurlaub sollen vereinbar sein<\/a><\/h3>\n\n\n\n<p>SRF Tagesschau, 14.09.2023<\/p>\n<\/div><\/div>\n\n\n\n<div style=\"height:20px\" aria-hidden=\"true\" class=\"wp-block-spacer\"><\/div>\n\n\n\n<div class=\"wp-block-media-text alignwide is-stacked-on-mobile\" style=\"grid-template-columns:27% auto\"><figure class=\"wp-block-media-text__media\"><img decoding=\"async\" loading=\"lazy\" width=\"1024\" height=\"682\" src=\"https:\/\/www.kathrinbertschy.ch\/wordpress\/wp-content\/uploads\/2023\/08\/4yjGNhRn4xvBTh13xEnDNd-1024x682.jpg\" alt=\"\" class=\"wp-image-753 size-full\" srcset=\"https:\/\/www.kathrinbertschy.ch\/wordpress\/wp-content\/uploads\/2023\/08\/4yjGNhRn4xvBTh13xEnDNd-1024x682.jpg 1024w, https:\/\/www.kathrinbertschy.ch\/wordpress\/wp-content\/uploads\/2023\/08\/4yjGNhRn4xvBTh13xEnDNd-300x200.jpg 300w, https:\/\/www.kathrinbertschy.ch\/wordpress\/wp-content\/uploads\/2023\/08\/4yjGNhRn4xvBTh13xEnDNd-768x512.jpg 768w, https:\/\/www.kathrinbertschy.ch\/wordpress\/wp-content\/uploads\/2023\/08\/4yjGNhRn4xvBTh13xEnDNd-1536x1023.jpg 1536w, https:\/\/www.kathrinbertschy.ch\/wordpress\/wp-content\/uploads\/2023\/08\/4yjGNhRn4xvBTh13xEnDNd.jpg 2001w\" sizes=\"(max-width: 1024px) 100vw, 1024px\" \/><\/figure><div class=\"wp-block-media-text__content\">\n<h3 class=\"wp-block-heading\"><a href=\"https:\/\/www.tagesanzeiger.ch\/interview-mit-kathrin-bertschy-maenner-missverstehen-anliegen-als-links-die-frauen-als-notwendig-progressiv-durchschauen-834894622735\" target=\"_blank\" rel=\"noreferrer noopener\">\u00abIch erwarte, dass Frauen mindestens so ad\u00e4quat im Parlament vertreten sind wie 2019\u00bb<\/a><\/h3>\n\n\n\n<p>SonntagsZeitung, 19.08.2023<\/p>\n<\/div><\/div>\n\n\n\n<div style=\"height:20px\" aria-hidden=\"true\" class=\"wp-block-spacer\"><\/div>\n\n\n\n<div class=\"wp-block-media-text alignwide is-stacked-on-mobile\" style=\"grid-template-columns:27% auto\"><figure class=\"wp-block-media-text__media\"><img decoding=\"async\" loading=\"lazy\" width=\"467\" height=\"352\" src=\"https:\/\/www.kathrinbertschy.ch\/wordpress\/wp-content\/uploads\/2023\/08\/Bildschirmfoto-2023-08-04-um-14.02.41.png\" alt=\"\" class=\"wp-image-744 size-full\" srcset=\"https:\/\/www.kathrinbertschy.ch\/wordpress\/wp-content\/uploads\/2023\/08\/Bildschirmfoto-2023-08-04-um-14.02.41.png 467w, https:\/\/www.kathrinbertschy.ch\/wordpress\/wp-content\/uploads\/2023\/08\/Bildschirmfoto-2023-08-04-um-14.02.41-300x226.png 300w\" sizes=\"(max-width: 467px) 100vw, 467px\" \/><\/figure><div class=\"wp-block-media-text__content\">\n<h3 class=\"wp-block-heading\"><a href=\"https:\/\/www.annabelle.ch\/leben\/20-fragen-an-kathrin-bertschy-als-kind-wollte-ich-fussballerin-werden\/\" target=\"_blank\" rel=\"noreferrer noopener\">20 Fragen an Kathrin Bertschy: \u00abAls Kind wollte ich Fussballerin werden\u00bb<\/a><\/h3>\n\n\n\n<p>Annabelle, 26.07.2023<\/p>\n<\/div><\/div>\n\n\n\n<div style=\"height:20px\" aria-hidden=\"true\" class=\"wp-block-spacer\"><\/div>\n\n\n\n<div class=\"wp-block-media-text alignwide is-stacked-on-mobile\" style=\"grid-template-columns:27% auto\"><figure class=\"wp-block-media-text__media\"><img decoding=\"async\" loading=\"lazy\" width=\"714\" height=\"552\" src=\"http:\/\/www.kathrinbertschy.ch\/wordpress\/wp-content\/uploads\/2023\/05\/53Nv5ZIkqAB9lLLZZuywwO.jpg\" alt=\"\" class=\"wp-image-687 size-full\" srcset=\"https:\/\/www.kathrinbertschy.ch\/wordpress\/wp-content\/uploads\/2023\/05\/53Nv5ZIkqAB9lLLZZuywwO.jpg 714w, https:\/\/www.kathrinbertschy.ch\/wordpress\/wp-content\/uploads\/2023\/05\/53Nv5ZIkqAB9lLLZZuywwO-300x232.jpg 300w\" sizes=\"(max-width: 714px) 100vw, 714px\" \/><\/figure><div class=\"wp-block-media-text__content\">\n<h3 class=\"wp-block-heading\"><a href=\"https:\/\/www.tagesanzeiger.ch\/die-mehrheit-will-dass-beide-eltern-teilzeit-arbeiten-gleichstellung-wird-fast-nur-ideologisch-diskutiert-558376143164\" target=\"_blank\" rel=\"noreferrer noopener\" aria-label=\"Streitgespr\u00e4ch zur Gleichstellungsdebatte: \u00abDie Mehrheit will, dass beide Eltern Teilzeit arbeiten\u00bb \u2013 \u00abGleichstellung wird fast nur ideologisch diskutiert\u00bb (\u00f6ffnet in neuem Tab)\">Streitgespr\u00e4ch zur Gleichstellungsdebatte: \u00abDie Mehrheit will, dass beide Eltern Teilzeit arbeiten\u00bb \u2013 \u00abGleichstellung wird fast nur ideologisch diskutiert\u00bb<\/a><\/h3>\n\n\n\n<p>SonntagsZeitung, 13.05.2023<\/p>\n<\/div><\/div>\n\n\n\n<div style=\"height:20px\" aria-hidden=\"true\" class=\"wp-block-spacer\"><\/div>\n\n\n\n<div class=\"wp-block-media-text alignwide is-stacked-on-mobile\" style=\"grid-template-columns:27% auto\"><figure class=\"wp-block-media-text__media\"><img decoding=\"async\" loading=\"lazy\" width=\"1024\" height=\"678\" src=\"http:\/\/www.kathrinbertschy.ch\/wordpress\/wp-content\/uploads\/2023\/03\/Bildschirmfoto-2023-03-31-um-12.19.43-1024x678.png\" alt=\"\" class=\"wp-image-677 size-full\" srcset=\"https:\/\/www.kathrinbertschy.ch\/wordpress\/wp-content\/uploads\/2023\/03\/Bildschirmfoto-2023-03-31-um-12.19.43-1024x678.png 1024w, https:\/\/www.kathrinbertschy.ch\/wordpress\/wp-content\/uploads\/2023\/03\/Bildschirmfoto-2023-03-31-um-12.19.43-300x199.png 300w, https:\/\/www.kathrinbertschy.ch\/wordpress\/wp-content\/uploads\/2023\/03\/Bildschirmfoto-2023-03-31-um-12.19.43-768x508.png 768w, https:\/\/www.kathrinbertschy.ch\/wordpress\/wp-content\/uploads\/2023\/03\/Bildschirmfoto-2023-03-31-um-12.19.43.png 1450w\" sizes=\"(max-width: 1024px) 100vw, 1024px\" \/><\/figure><div class=\"wp-block-media-text__content\">\n<h3 class=\"wp-block-heading\"><a href=\"https:\/\/www.letemps.ch\/suisse\/kathrin-bertschy-vertliberaux-veulent-inverser-logique-systeme-economique-suisse\" target=\"_blank\" rel=\"noreferrer noopener\" aria-label=\"Kathrin Bertschy: \u00abLes vert\u2019lib\u00e9raux veulent inverser la logique du syst\u00e8me \u00e9conomique suisse\u00bb (\u00f6ffnet in neuem Tab)\">Kathrin Bertschy: \u00abLes vert\u2019lib\u00e9raux veulent inverser la logique du syst\u00e8me \u00e9conomique suisse\u00bb<\/a><\/h3>\n\n\n\n<p>Le Temps, 25.03.2023<\/p>\n<\/div><\/div>\n\n\n\n<div style=\"height:20px\" aria-hidden=\"true\" class=\"wp-block-spacer\"><\/div>\n\n\n\n<div class=\"wp-block-media-text alignwide is-stacked-on-mobile\" style=\"grid-template-columns:27% auto\"><figure class=\"wp-block-media-text__media\"><img decoding=\"async\" loading=\"lazy\" width=\"1024\" height=\"572\" src=\"http:\/\/www.kathrinbertschy.ch\/wordpress\/wp-content\/uploads\/2023\/02\/Bildschirmfoto-2023-02-22-um-12.26.43-1024x572.png\" alt=\"\" class=\"wp-image-660 size-full\" srcset=\"https:\/\/www.kathrinbertschy.ch\/wordpress\/wp-content\/uploads\/2023\/02\/Bildschirmfoto-2023-02-22-um-12.26.43-1024x572.png 1024w, https:\/\/www.kathrinbertschy.ch\/wordpress\/wp-content\/uploads\/2023\/02\/Bildschirmfoto-2023-02-22-um-12.26.43-300x167.png 300w, https:\/\/www.kathrinbertschy.ch\/wordpress\/wp-content\/uploads\/2023\/02\/Bildschirmfoto-2023-02-22-um-12.26.43-768x429.png 768w, https:\/\/www.kathrinbertschy.ch\/wordpress\/wp-content\/uploads\/2023\/02\/Bildschirmfoto-2023-02-22-um-12.26.43-1536x857.png 1536w, https:\/\/www.kathrinbertschy.ch\/wordpress\/wp-content\/uploads\/2023\/02\/Bildschirmfoto-2023-02-22-um-12.26.43-2048x1143.png 2048w\" sizes=\"(max-width: 1024px) 100vw, 1024px\" \/><\/figure><div class=\"wp-block-media-text__content\">\n<h3 class=\"wp-block-heading\"><a href=\"https:\/\/www.srf.ch\/play\/tv\/tagesschau\/video\/tagesschau-vom-18-02-2023-hauptausgabe?urn=urn:srf:video:fca47451-d550-4483-bde5-54332b4d15f3&amp;startTime=522\" target=\"_blank\" rel=\"noreferrer noopener\" aria-label=\"Neues Kita-Gesetz: \u00abFamilienerg\u00e4nzende Kinderbetreuung ist eine nationale Aufgabe\u00bb (\u00f6ffnet in neuem Tab)\">Neues Kita-Gesetz: \u00abFamilienerg\u00e4nzende Kinderbetreuung ist eine nationale Aufgabe\u00bb<\/a><\/h3>\n\n\n\n<p>SRF Tagesschau, 18.02.2023<\/p>\n<\/div><\/div>\n\n\n\n<div style=\"height:20px\" aria-hidden=\"true\" class=\"wp-block-spacer\"><\/div>\n\n\n\n<div class=\"wp-block-media-text alignwide is-stacked-on-mobile\" style=\"grid-template-columns:27% auto\"><figure class=\"wp-block-media-text__media\"><img decoding=\"async\" loading=\"lazy\" width=\"1000\" height=\"667\" src=\"http:\/\/www.kathrinbertschy.ch\/wordpress\/wp-content\/uploads\/2023\/01\/jonathan-velasquez-c1ZN57GfDB0-unsplash.jpg\" alt=\"\" class=\"wp-image-620 size-full\" srcset=\"https:\/\/www.kathrinbertschy.ch\/wordpress\/wp-content\/uploads\/2023\/01\/jonathan-velasquez-c1ZN57GfDB0-unsplash.jpg 1000w, https:\/\/www.kathrinbertschy.ch\/wordpress\/wp-content\/uploads\/2023\/01\/jonathan-velasquez-c1ZN57GfDB0-unsplash-300x200.jpg 300w, https:\/\/www.kathrinbertschy.ch\/wordpress\/wp-content\/uploads\/2023\/01\/jonathan-velasquez-c1ZN57GfDB0-unsplash-768x512.jpg 768w\" sizes=\"(max-width: 1000px) 100vw, 1000px\" \/><\/figure><div class=\"wp-block-media-text__content\">\n<h3 class=\"wp-block-heading\"><a href=\"https:\/\/www.srf.ch\/audio\/tagesgespraech\/kathrin-bertschy-markus-ritter-neustart-in-der-agrarpolitik?id=12301495\" target=\"_blank\" rel=\"noreferrer noopener\" aria-label=\"Kathrin Bertschy, Markus Ritter: Neustart in der Agrarpolitik? (\u00f6ffnet in neuem Tab)\">Kathrin Bertschy, Markus Ritter: Neustart in der Agrarpolitik?<\/a><\/h3>\n\n\n\n<p>SRF Tagesgespr\u00e4ch, 13.12.2022<\/p>\n<\/div><\/div>\n\n\n\n<div style=\"height:20px\" aria-hidden=\"true\" class=\"wp-block-spacer\"><\/div>\n\n\n\n<div class=\"wp-block-media-text alignwide is-stacked-on-mobile\" style=\"grid-template-columns:27% auto\"><figure class=\"wp-block-media-text__media\"><img decoding=\"async\" loading=\"lazy\" width=\"960\" height=\"540\" src=\"http:\/\/www.kathrinbertschy.ch\/wordpress\/wp-content\/uploads\/2023\/01\/960-1.png\" alt=\"\" class=\"wp-image-601 size-full\" srcset=\"https:\/\/www.kathrinbertschy.ch\/wordpress\/wp-content\/uploads\/2023\/01\/960-1.png 960w, https:\/\/www.kathrinbertschy.ch\/wordpress\/wp-content\/uploads\/2023\/01\/960-1-300x169.png 300w, https:\/\/www.kathrinbertschy.ch\/wordpress\/wp-content\/uploads\/2023\/01\/960-1-768x432.png 768w\" sizes=\"(max-width: 960px) 100vw, 960px\" \/><\/figure><div class=\"wp-block-media-text__content\">\n<h3 class=\"wp-block-heading\"><a rel=\"noreferrer noopener\" href=\"https:\/\/www.srf.ch\/news\/schweiz\/frauenanteil-im-parlament-bertschy-der-nationalrat-hat-ein-anderes-gesicht-erhalten\" target=\"_blank\">Bertschy: \u00abDer Nationalrat hat ein anderes Gesicht erhalten\u00bb<\/a><\/h3>\n\n\n\n<p>SRF Tagesschau, 29.09.2022<\/p>\n<\/div><\/div>\n\n\n\n<div style=\"height:20px\" aria-hidden=\"true\" class=\"wp-block-spacer\"><\/div>\n\n\n\n<div class=\"wp-block-media-text alignwide is-stacked-on-mobile\" style=\"grid-template-columns:27% auto\"><figure class=\"wp-block-media-text__media\"><img decoding=\"async\" loading=\"lazy\" width=\"868\" height=\"488\" src=\"http:\/\/www.kathrinbertschy.ch\/wordpress\/wp-content\/uploads\/2023\/01\/6369a782-41b1-44ae-ac20-42080bb8e5f7.jpeg\" alt=\"\" class=\"wp-image-603 size-full\" srcset=\"https:\/\/www.kathrinbertschy.ch\/wordpress\/wp-content\/uploads\/2023\/01\/6369a782-41b1-44ae-ac20-42080bb8e5f7.jpeg 868w, https:\/\/www.kathrinbertschy.ch\/wordpress\/wp-content\/uploads\/2023\/01\/6369a782-41b1-44ae-ac20-42080bb8e5f7-300x169.jpeg 300w, https:\/\/www.kathrinbertschy.ch\/wordpress\/wp-content\/uploads\/2023\/01\/6369a782-41b1-44ae-ac20-42080bb8e5f7-768x432.jpeg 768w\" sizes=\"(max-width: 868px) 100vw, 868px\" \/><\/figure><div class=\"wp-block-media-text__content\">\n<h3 class=\"wp-block-heading\"><a href=\"https:\/\/www.watson.ch\/schweiz\/srf-arena\/961877310-so-triumphiert-ein-ungleiches-duo-in-der-arena-zur-verrechnungssteuer\" target=\"_blank\" rel=\"noreferrer noopener\" aria-label=\"Bertschy &amp; Maurer: So triumphiert ein ungleiches Duo in der \u00abArena\u00bb zur Verrechnungssteuer (\u00f6ffnet in neuem Tab)\">Bertschy &amp; Maurer: So triumphiert ein ungleiches Duo in der \u00abArena\u00bb zur Verrechnungssteuer<\/a><\/h3>\n\n\n\n<p>Watson, 27.08.2022<\/p>\n<\/div><\/div>\n\n\n\n<div style=\"height:20px\" aria-hidden=\"true\" class=\"wp-block-spacer\"><\/div>\n\n\n\n<div class=\"wp-block-media-text alignwide is-stacked-on-mobile\" style=\"grid-template-columns:27% auto\"><figure class=\"wp-block-media-text__media\"><img decoding=\"async\" loading=\"lazy\" width=\"1024\" height=\"567\" src=\"http:\/\/www.kathrinbertschy.ch\/wordpress\/wp-content\/uploads\/2023\/01\/Bildschirmfoto-2023-01-25-um-13.28.52-1024x567.png\" alt=\"\" class=\"wp-image-607 size-full\" srcset=\"https:\/\/www.kathrinbertschy.ch\/wordpress\/wp-content\/uploads\/2023\/01\/Bildschirmfoto-2023-01-25-um-13.28.52-1024x567.png 1024w, https:\/\/www.kathrinbertschy.ch\/wordpress\/wp-content\/uploads\/2023\/01\/Bildschirmfoto-2023-01-25-um-13.28.52-300x166.png 300w, https:\/\/www.kathrinbertschy.ch\/wordpress\/wp-content\/uploads\/2023\/01\/Bildschirmfoto-2023-01-25-um-13.28.52-768x425.png 768w, https:\/\/www.kathrinbertschy.ch\/wordpress\/wp-content\/uploads\/2023\/01\/Bildschirmfoto-2023-01-25-um-13.28.52-1536x851.png 1536w, https:\/\/www.kathrinbertschy.ch\/wordpress\/wp-content\/uploads\/2023\/01\/Bildschirmfoto-2023-01-25-um-13.28.52.png 1849w\" sizes=\"(max-width: 1024px) 100vw, 1024px\" \/><\/figure><div class=\"wp-block-media-text__content\">\n<h3 class=\"wp-block-heading\"><a href=\"https:\/\/www.srf.ch\/play\/tv\/club\/video\/ehe-fuer-alle?urn=urn:srf:video:7b747c60-43bc-4c34-8962-34838c046f69\" target=\"_blank\" rel=\"noreferrer noopener\" aria-label=\" (\u00f6ffnet in neuem Tab)\">Ehe f\u00fcr alle<\/a><\/h3>\n\n\n\n<p>SRF Club, 17.08.2021<\/p>\n<\/div><\/div>\n\n\n\n<div style=\"height:20px\" aria-hidden=\"true\" class=\"wp-block-spacer\"><\/div>\n\n\n\n<div class=\"wp-block-media-text alignwide is-stacked-on-mobile\" style=\"grid-template-columns:27% auto\"><figure class=\"wp-block-media-text__media\"><img decoding=\"async\" loading=\"lazy\" width=\"1024\" height=\"654\" src=\"http:\/\/www.kathrinbertschy.ch\/wordpress\/wp-content\/uploads\/2023\/01\/waldemar-JYPDh4ter10-unsplash-1024x654.jpg\" alt=\"\" class=\"wp-image-606 size-full\" srcset=\"https:\/\/www.kathrinbertschy.ch\/wordpress\/wp-content\/uploads\/2023\/01\/waldemar-JYPDh4ter10-unsplash-1024x654.jpg 1024w, https:\/\/www.kathrinbertschy.ch\/wordpress\/wp-content\/uploads\/2023\/01\/waldemar-JYPDh4ter10-unsplash-300x192.jpg 300w, https:\/\/www.kathrinbertschy.ch\/wordpress\/wp-content\/uploads\/2023\/01\/waldemar-JYPDh4ter10-unsplash-768x490.jpg 768w, https:\/\/www.kathrinbertschy.ch\/wordpress\/wp-content\/uploads\/2023\/01\/waldemar-JYPDh4ter10-unsplash-1536x981.jpg 1536w, https:\/\/www.kathrinbertschy.ch\/wordpress\/wp-content\/uploads\/2023\/01\/waldemar-JYPDh4ter10-unsplash-2048x1308.jpg 2048w\" sizes=\"(max-width: 1024px) 100vw, 1024px\" \/><\/figure><div class=\"wp-block-media-text__content\">\n<h3 class=\"wp-block-heading\"><a href=\"https:\/\/www.zeit.de\/2021\/06\/kathrin-bertschy-feminismus-gleichstellung-frauenwahlrecht-schweiz\" target=\"_blank\" rel=\"noreferrer noopener\" aria-label=\" (\u00f6ffnet in neuem Tab)\">Diese Frau macht Frauen m\u00e4chtig<\/a><\/h3>\n\n\n\n<p>Die Zeit, 06.02.2021<\/p>\n<\/div><\/div>\n\n\n\n<div style=\"height:20px\" aria-hidden=\"true\" class=\"wp-block-spacer\"><\/div>\n\n\n\n<div class=\"wp-block-media-text alignwide is-stacked-on-mobile\" style=\"grid-template-columns:27% auto\"><figure class=\"wp-block-media-text__media\"><img decoding=\"async\" loading=\"lazy\" width=\"1024\" height=\"592\" src=\"http:\/\/www.kathrinbertschy.ch\/wordpress\/wp-content\/uploads\/2023\/01\/Bildschirmfoto-2023-01-25-um-18.13.32-1024x592.png\" alt=\"\" class=\"wp-image-626 size-full\" srcset=\"https:\/\/www.kathrinbertschy.ch\/wordpress\/wp-content\/uploads\/2023\/01\/Bildschirmfoto-2023-01-25-um-18.13.32-1024x592.png 1024w, https:\/\/www.kathrinbertschy.ch\/wordpress\/wp-content\/uploads\/2023\/01\/Bildschirmfoto-2023-01-25-um-18.13.32-300x174.png 300w, https:\/\/www.kathrinbertschy.ch\/wordpress\/wp-content\/uploads\/2023\/01\/Bildschirmfoto-2023-01-25-um-18.13.32-768x444.png 768w, https:\/\/www.kathrinbertschy.ch\/wordpress\/wp-content\/uploads\/2023\/01\/Bildschirmfoto-2023-01-25-um-18.13.32.png 1362w\" sizes=\"(max-width: 1024px) 100vw, 1024px\" \/><\/figure><div class=\"wp-block-media-text__content\">\n<h3 class=\"wp-block-heading\"><a href=\"https:\/\/www.srf.ch\/news\/abstimmung-26-september-2021\/ehe-fuer-alle\/ja-zur-ehe-fuer-alle-der-rechtsstaat-hat-gewonnen\">Ja zur \u00abEhe f\u00fcr alle\u00bb:&nbsp;\u00abDer Rechtsstaat hat gewonnen\u00bb<\/a><\/h3>\n\n\n\n<p>SRF Tagesschau, 11.06.2020<\/p>\n<\/div><\/div>\n\n\n\n<div style=\"height:20px\" aria-hidden=\"true\" class=\"wp-block-spacer\"><\/div>\n\n\n\n<hr class=\"wp-block-separator has-css-opacity\"\/>\n\n\n\n<div style=\"height:20px\" aria-hidden=\"true\" class=\"wp-block-spacer\"><\/div>\n\n\n\n<h3 class=\"wp-block-heading\"><a href=\"https:\/\/www.tagblatt.ch\/schweiz\/erwerbsersatz-gleich-viel-geld-fuer-muetter-und-soldaten-parlamentarierinnen-nehmen-einen-zweiten-anlauf-und-duerften-erfolg-haben-ld.2449766?reduced=true\" target=\"_blank\" rel=\"noreferrer noopener\" aria-label=\"Gleich viel Geld f\u00fcr M\u00fctter und Soldaten: Parlamentarierinnen nehmen einen zweiten Anlauf \u2013 und d\u00fcrften Erfolg haben (\u00f6ffnet in neuem Tab)\">Gleich viel Geld f\u00fcr M\u00fctter und Soldaten: Parlamentarierinnen nehmen einen zweiten Anlauf \u2013 und d\u00fcrften Erfolg haben<\/a><\/h3>\n\n\n\n<p>Tagblatt, 01.05.2023<\/p>\n\n\n\n<div style=\"height:20px\" aria-hidden=\"true\" class=\"wp-block-spacer\"><\/div>\n\n\n\n<h3 class=\"wp-block-heading\"><a href=\"https:\/\/www.aargauerzeitung.ch\/schweiz\/alliance-f-wir-haben-eine-andere-rolle-als-wuetend-zu-sein-das-grosse-interview-zu-ahv-graben-bvg-reform-und-frauenwahl-2023-ld.2354816?reduced=true\" target=\"_blank\" rel=\"noreferrer noopener\" aria-label=\"\u00abWir haben eine andere Rolle, als w\u00fctend zu sein\u00bb \u2013 das grosse Interview zu AHV-Graben, BVG-Reform und Frauenwahl 2023 (\u00f6ffnet in neuem Tab)\">\u00abWir haben eine andere Rolle, als w\u00fctend zu sein\u00bb \u2013 das grosse Interview zu AHV-Graben, BVG-Reform und Frauenwahl 2023<\/a><\/h3>\n\n\n\n<p>Aargauer Zeitung, 10.10.2022<\/p>\n\n\n\n<div style=\"height:20px\" aria-hidden=\"true\" class=\"wp-block-spacer\"><\/div>\n\n\n\n<h3 class=\"wp-block-heading\"><a href=\"https:\/\/www.srf.ch\/news\/schweiz\/wette-fuer-wahlen-2023-helvetia-ruft-parteipraesidien-wollen-mehr-frauen-im-parlament\" target=\"_blank\" rel=\"noreferrer noopener\" aria-label=\"Wette f\u00fcr Wahlen 2023 -&nbsp;\u00abHelvetia ruft\u00bb: Parteipr\u00e4sidien wollen mehr Frauen im Parlament (\u00f6ffnet in neuem Tab)\">Wette f\u00fcr Wahlen 2023 &#8211;&nbsp;\u00abHelvetia ruft\u00bb: Parteipr\u00e4sidien wollen mehr Frauen im Parlament<\/a><\/h3>\n\n\n\n<p>SRF, 29.09.2022<\/p>\n\n\n\n<div style=\"height:20px\" aria-hidden=\"true\" class=\"wp-block-spacer\"><\/div>\n\n\n\n<h3 class=\"wp-block-heading\"><a href=\"https:\/\/www.srf.ch\/play\/tv\/arena\/video\/abstimmungs-arena-zum-verrechnungssteuer-gesetz?urn=urn:srf:video:7983e23f-00b1-4ff2-918f-38ebac5fb198\">\u00abAbstimmungs-Arena\u00bb zum Verrechnungssteuer-Gesetz<\/a><\/h3>\n\n\n\n<p>SRF, 26.08.2022<\/p>\n\n\n\n<div style=\"height:20px\" aria-hidden=\"true\" class=\"wp-block-spacer\"><\/div>\n\n\n\n<h3 class=\"wp-block-heading\"><a href=\"https:\/\/www.aargauerzeitung.ch\/schweiz\/interview-warum-braucht-es-eine-frauensession-frau-bertschy-ld.2207016\" target=\"_blank\" rel=\"noreferrer noopener\" aria-label=\"Frauensession: Heute und morgen geh\u00f6rt das Bundeshaus den Frauen: Warum braucht es das, Frau Bertschy? (\u00f6ffnet in neuem Tab)\">Frauensession: Heute und morgen geh\u00f6rt das Bundeshaus den Frauen: Warum braucht es das, Frau Bertschy?<\/a><\/h3>\n\n\n\n<p>Aargauer Zeitung, 29.10.2021<\/p>\n\n\n\n<div style=\"height:20px\" aria-hidden=\"true\" class=\"wp-block-spacer\"><\/div>\n\n\n\n<h3 class=\"wp-block-heading\"><strong><a href=\"https:\/\/www.blick.ch\/politik\/komitee-wirbt-fuer-ja-zur-gleichgeschlechtlichen-ehe-es-ist-genug-ehe-fuer-alle-da-id16764455.html\" target=\"_blank\" rel=\"noreferrer noopener\" aria-label=\"\u00abEs ist genug Ehe f\u00fcr alle da\u00bb (\u00f6ffnet in neuem Tab)\">\u00abEs ist genug Ehe f\u00fcr alle da\u00bb<\/a><\/strong><\/h3>\n\n\n\n<p>Blick, 19.08.2021<\/p>\n\n\n\n<div style=\"height:20px\" aria-hidden=\"true\" class=\"wp-block-spacer\"><\/div>\n\n\n\n<h3 class=\"wp-block-heading\"><a href=\"https:\/\/www.watson.ch\/schweiz\/bern\/101302810-wahlen-bern-so-einen-frauenrutsch-hat-es-noch-nie-gegeben\" target=\"_blank\" rel=\"noreferrer noopener\" aria-label=\"\u00abSo einen Frauenrutsch hat es noch nie gegeben\u00bb (\u00f6ffnet in neuem Tab)\">\u00abSo einen Frauenrutsch hat es noch nie gegeben\u00bb<\/a><\/h3>\n\n\n\n<p>Watson, 30.11.2020<\/p>\n\n\n\n<div style=\"height:20px\" aria-hidden=\"true\" class=\"wp-block-spacer\"><\/div>\n\n\n\n<h3 class=\"wp-block-heading\"><a href=\"https:\/\/www.nzz.ch\/schweiz\/helvetia-ruft-die-kampagne-expandiert-in-die-kantone-ld.1555195?reduced=true\" target=\"_blank\" rel=\"noreferrer noopener\" aria-label=\"Die Frauenwahl-Kampagne \u00abHelvetia ruft\u00bb expandiert in die Kantone (\u00f6ffnet in neuem Tab)\">Die Frauenwahl-Kampagne \u00abHelvetia ruft\u00bb expandiert in die Kantone<\/a><\/h3>\n\n\n\n<p>NZZ, 06.05.2020<\/p>\n\n\n\n<div style=\"height:20px\" aria-hidden=\"true\" class=\"wp-block-spacer\"><\/div>\n\n\n\n<h3 class=\"wp-block-heading\"><a rel=\"noreferrer noopener\" aria-label=\"Abschaffung der Heiratsstrafe-&nbsp;Ehepaare sollen individuell Steuern bezahlen (\u00f6ffnet in neuem Tab)\" href=\"https:\/\/www.srf.ch\/news\/schweiz\/abschaffung-der-heiratsstrafe-ehepaare-sollen-individuell-steuern-bezahlen\" target=\"_blank\">Abschaffung der Heiratsstrafe<\/a><a href=\"https:\/\/www.srf.ch\/news\/schweiz\/abschaffung-der-heiratsstrafe-ehepaare-sollen-individuell-steuern-bezahlen\" target=\"_blank\" rel=\"noreferrer noopener\" aria-label=\"Abschaffung der Heiratsstrafe-&nbsp;Ehepaare sollen individuell Steuern bezahlen (\u00f6ffnet in neuem Tab)\"> <\/a><a rel=\"noreferrer noopener\" aria-label=\"Abschaffung der Heiratsstrafe-&nbsp;Ehepaare sollen individuell Steuern bezahlen (\u00f6ffnet in neuem Tab)\" href=\"https:\/\/www.srf.ch\/news\/schweiz\/abschaffung-der-heiratsstrafe-ehepaare-sollen-individuell-steuern-bezahlen\" target=\"_blank\">&#8211;&nbsp;Ehepaare sollen individuell Steuern bezahlen<\/a><\/h3>\n\n\n\n<p>SRF, 29.04.2019<\/p>\n\n\n\n<div style=\"height:20px\" aria-hidden=\"true\" class=\"wp-block-spacer\"><\/div>\n\n\n\n<h3 class=\"wp-block-heading\"><a href=\"https:\/\/www.tagesanzeiger.ch\/helvetia-hat-gerufen-und-gewonnen-765263445436\" target=\"_blank\" rel=\"noreferrer noopener\" aria-label=\"Helvetia hat gerufen \u2013 und gewonnen (\u00f6ffnet in neuem Tab)\">Helvetia hat gerufen \u2013 und gewonnen<\/a><\/h3>\n\n\n\n<p>Tages-Anzeiger, 20.10.2019<\/p>\n\n\n\n<div style=\"height:20px\" aria-hidden=\"true\" class=\"wp-block-spacer\"><\/div>\n\n\n\n<h3 class=\"wp-block-heading\"><a href=\"https:\/\/www.bernerzeitung.ch\/gruen-liberal-und-feministisch-160165741422\" target=\"_blank\" rel=\"noreferrer noopener\" aria-label=\" (\u00f6ffnet in neuem Tab)\">Gr\u00fcn, liberal und feministisch<\/a><\/h3>\n\n\n\n<p>Der Bund, 27.09.2019<\/p>\n\n\n\n<p><\/p>\n","protected":false},"excerpt":{"rendered":"<p>GLP-Bertschy gegen SP-Marti in der BVG-\u00abArena\u00bb: \u00abSie wollen einfach eine Volkspension\u00bb Watson, 29.06.2024 Frauenstreit vor Frauenstreik \u2013 die Co-Pr\u00e4sidentinnen von Alliance F verteidigen die Pensionskassenreform gegen die \u00abBschiss\u00bb-Vorw\u00fcrfe von links &#8230;<\/p>\n","protected":false},"author":1,"featured_media":588,"parent":0,"menu_order":2,"comment_status":"closed","ping_status":"closed","template":"template-fullwidth.php","meta":[],"_links":{"self":[{"href":"https:\/\/www.kathrinbertschy.ch\/index.php?rest_route=\/wp\/v2\/pages\/22"}],"collection":[{"href":"https:\/\/www.kathrinbertschy.ch\/index.php?rest_route=\/wp\/v2\/pages"}],"about":[{"href":"https:\/\/www.kathrinbertschy.ch\/index.php?rest_route=\/wp\/v2\/types\/page"}],"author":[{"embeddable":true,"href":"https:\/\/www.kathrinbertschy.ch\/index.php?rest_route=\/wp\/v2\/users\/1"}],"replies":[{"embeddable":true,"href":"https:\/\/www.kathrinbertschy.ch\/index.php?rest_route=%2Fwp%2Fv2%2Fcomments&post=22"}],"version-history":[{"count":129,"href":"https:\/\/www.kathrinbertschy.ch\/index.php?rest_route=\/wp\/v2\/pages\/22\/revisions"}],"predecessor-version":[{"id":859,"href":"https:\/\/www.kathrinbertschy.ch\/index.php?rest_route=\/wp\/v2\/pages\/22\/revisions\/859"}],"wp:featuredmedia":[{"embeddable":true,"href":"https:\/\/www.kathrinbertschy.ch\/index.php?rest_route=\/wp\/v2\/media\/588"}],"wp:attachment":[{"href":"https:\/\/www.kathrinbertschy.ch\/index.php?rest_route=%2Fwp%2Fv2%2Fmedia&parent=22"}],"curies":[{"name":"wp","href":"https:\/\/api.w.org\/{rel}","templated":true}]}}